{"id":45965,"date":"2026-04-21T11:21:54","date_gmt":"2026-04-21T11:21:54","guid":{"rendered":"https:\/\/ss20.ee\/?post_type=product&#038;p=45965"},"modified":"2026-04-21T11:28:40","modified_gmt":"2026-04-21T11:28:40","slug":"macbook-pro-13-2019-core-i5-8gb-128gb-ssd-kopeeri","status":"publish","type":"product","link":"https:\/\/ss20.ee\/en\/shop\/macbook-pro-13-2019-core-i5-8gb-128gb-ssd-kopeeri\/","title":{"rendered":"MacBook Pro 13\u2033 2019 \u2013 Core i5\/8GB\/128GB SSD"},"content":{"rendered":"<p class=\"ai-optimize-23 ai-optimize-introduction\"><strong>Name:<\/strong> <span id=\"cch_f31a7418af7e9e\" class=\"_mh6 _wsc\"><span class=\"_3oh- _58nk\"><span class=\"tlid-translation translation\" lang=\"ru\"><span class=\"\" title=\"\">MacBook Pro 13\u2033 2019, Two Thunderbolt 3 Ports<\/span><\/span><\/span><\/span><br \/>\n<strong><span class=\"tlid-translation translation\" lang=\"en\"><span class=\"\" title=\"\">Operating system<\/span><\/span>:<\/strong> macOS Sequoia 15.7.5<br \/>\n<strong>Hard drive:<\/strong> 128 GB SSD<br \/>\n<strong><span class=\"tlid-translation translation\" lang=\"et\"><span class=\"\" title=\"\">Processor:<\/span><\/span><\/strong>\u00a0 <span class=\"tlid-translation translation\" lang=\"et\"><span class=\"\" title=\"\">1,4 <\/span><\/span>GHz Quad-Core Intel Core i5<br \/>\n<strong>Screen<span class=\"tlid-translation translation\" lang=\"et\"><span class=\"\" title=\"\">:<\/span><\/span>\u00a0<\/strong> 13\u2033<br \/>\n<strong><span class=\"tlid-translation translation\" lang=\"en\"><span class=\"\" title=\"\">Memory<\/span><\/span><span class=\"tlid-translation translation\" lang=\"et\"><span class=\"\" title=\"\">:<\/span><\/span><\/strong> 8 GB<br \/>\n<strong><span class=\"tlid-translation translation\" lang=\"en\"><span class=\"\" title=\"\">Battery<\/span><\/span>:<\/strong> Cycle count 524<br \/>\n<strong>Charger:<\/strong> No<br \/>\n<strong>Condition:\u00a0<\/strong><span id=\"cch_f31a7418af7e9e\" class=\"_mh6 _wsc\"><span class=\"_3oh- _58nk\"> The computer case shows little trace of usage. <\/span><\/span><span id=\"cch_f31a7418af7e9e\" class=\"_mh6 _wsc\"><\/span><span id=\"cch_f31a7418af7e9e\" class=\"_mh6 _wsc\"><\/span><span id=\"cch_f31a7418af7e9e\" class=\"_mh6 _wsc\"><\/span><\/p>\n","protected":false},"excerpt":{"rendered":"<p>Name: MacBook Pro 13\u2033 2019, Two Thunderbolt 3 Ports Operating system: macOS Sequoia 15.7.5 Hard drive: 128 GB SSD Processor:\u00a0 1,4 GHz Quad-Core Intel Core i5 Screen:\u00a0 13\u2033 Memory: 8 GB Battery: Cycle count 524 Charger: No Condition:\u00a0 The computer case shows little trace of usage.<\/p>\n","protected":false},"featured_media":45968,"template":"","meta":[],"product_brand":[],"product_cat":[16,620],"product_tag":[563],"class_list":{"0":"post-45965","1":"product","2":"type-product","3":"status-publish","4":"has-post-thumbnail","6":"product_cat-apple-computers","7":"product_cat-macbook-pro-en","8":"product_tag-macbook-pro-en","10":"first","11":"outofstock","12":"sale","13":"featured","14":"taxable","15":"shipping-taxable","16":"purchasable","17":"product-type-simple"},"yoast_head":"<!-- This site is optimized with the Yoast SEO Premium plugin v25.2 (Yoast SEO v26.4) - https:\/\/yoast.com\/wordpress\/plugins\/seo\/ -->\n<title>MacBook Pro 13\u2033 2019 \u2013 Core i5\/8GB\/128GB SSD - SPETS SERVICE<\/title>\n<meta name=\"description\" content=\"MacBook Pro 13\u2033 2019 \u2013 Core i5\/8GB\/128GB SSD \u2013 kvaliteetne ja t\u00f6\u00f6kindel valik. Kontrollitud ja hooldatud. Kiire kohaletoimetamine Tallinnas ja \u00fcle Eesti.\" \/>\n<meta name=\"robots\" content=\"index, follow, max-snippet:-1, max-image-preview:large, max-video-preview:-1\" \/>\n<link rel=\"canonical\" href=\"https:\/\/ss20.ee\/en\/shop\/macbook-pro-13-2019-core-i5-8gb-128gb-ssd-kopeeri\/\" \/>\n<meta property=\"og:locale\" content=\"en_US\" \/>\n<meta property=\"og:type\" content=\"article\" \/>\n<meta property=\"og:title\" content=\"MacBook Pro 13\u2033 2019 \u2013 Core i5\/8GB\/128GB SSD\" \/>\n<meta property=\"og:description\" content=\"MacBook Pro 13\u2033 2019 \u2013 Core i5\/8GB\/128GB SSD \u2013 kvaliteetne ja t\u00f6\u00f6kindel valik. Kontrollitud ja hooldatud. Kiire kohaletoimetamine Tallinnas ja \u00fcle Eesti.\" \/>\n<meta property=\"og:url\" content=\"https:\/\/ss20.ee\/en\/shop\/macbook-pro-13-2019-core-i5-8gb-128gb-ssd-kopeeri\/\" \/>\n<meta property=\"og:site_name\" content=\"SPETS SERVICE\" \/>\n<meta property=\"article:publisher\" content=\"https:\/\/www.facebook.com\/applearvutid\" \/>\n<meta property=\"article:modified_time\" content=\"2026-04-21T11:28:40+00:00\" \/>\n<meta property=\"og:image\" content=\"https:\/\/ss20.ee\/wp-content\/uploads\/2026\/04\/image1-40.jpeg\" \/>\n\t<meta property=\"og:image:width\" content=\"1512\" \/>\n\t<meta property=\"og:image:height\" content=\"2016\" \/>\n\t<meta property=\"og:image:type\" content=\"image\/jpeg\" \/>\n<meta name=\"twitter:card\" content=\"summary_large_image\" \/>\n<meta name=\"twitter:label1\" content=\"Est. reading time\" \/>\n\t<meta name=\"twitter:data1\" content=\"1 minute\" \/>\n<script type=\"application\/ld+json\" class=\"yoast-schema-graph\">{\"@context\":\"https:\/\/schema.org\",\"@graph\":[{\"@type\":\"WebPage\",\"@id\":\"https:\/\/ss20.ee\/en\/shop\/macbook-pro-13-2019-core-i5-8gb-128gb-ssd-kopeeri\/\",\"url\":\"https:\/\/ss20.ee\/en\/shop\/macbook-pro-13-2019-core-i5-8gb-128gb-ssd-kopeeri\/\",\"name\":\"MacBook Pro 13\u2033 2019 \u2013 Core i5\/8GB\/128GB SSD - SPETS SERVICE\",\"isPartOf\":{\"@id\":\"https:\/\/ss20.ee\/en\/#website\"},\"primaryImageOfPage\":{\"@id\":\"https:\/\/ss20.ee\/en\/shop\/macbook-pro-13-2019-core-i5-8gb-128gb-ssd-kopeeri\/#primaryimage\"},\"image\":{\"@id\":\"https:\/\/ss20.ee\/en\/shop\/macbook-pro-13-2019-core-i5-8gb-128gb-ssd-kopeeri\/#primaryimage\"},\"thumbnailUrl\":\"https:\/\/ss20.ee\/wp-content\/uploads\/2026\/04\/image1-40.jpeg\",\"datePublished\":\"2026-04-21T11:21:54+00:00\",\"dateModified\":\"2026-04-21T11:28:40+00:00\",\"description\":\"MacBook Pro 13\u2033 2019 \u2013 Core i5\/8GB\/128GB SSD \u2013 kvaliteetne ja t\u00f6\u00f6kindel valik. Kontrollitud ja hooldatud. Kiire kohaletoimetamine Tallinnas ja \u00fcle Eesti.\",\"breadcrumb\":{\"@id\":\"https:\/\/ss20.ee\/en\/shop\/macbook-pro-13-2019-core-i5-8gb-128gb-ssd-kopeeri\/#breadcrumb\"},\"inLanguage\":\"en-US\",\"potentialAction\":[{\"@type\":\"ReadAction\",\"target\":[\"https:\/\/ss20.ee\/en\/shop\/macbook-pro-13-2019-core-i5-8gb-128gb-ssd-kopeeri\/\"]}]},{\"@type\":\"ImageObject\",\"inLanguage\":\"en-US\",\"@id\":\"https:\/\/ss20.ee\/en\/shop\/macbook-pro-13-2019-core-i5-8gb-128gb-ssd-kopeeri\/#primaryimage\",\"url\":\"https:\/\/ss20.ee\/wp-content\/uploads\/2026\/04\/image1-40.jpeg\",\"contentUrl\":\"https:\/\/ss20.ee\/wp-content\/uploads\/2026\/04\/image1-40.jpeg\",\"width\":1512,\"height\":2016},{\"@type\":\"BreadcrumbList\",\"@id\":\"https:\/\/ss20.ee\/en\/shop\/macbook-pro-13-2019-core-i5-8gb-128gb-ssd-kopeeri\/#breadcrumb\",\"itemListElement\":[{\"@type\":\"ListItem\",\"position\":1,\"name\":\"Home\",\"item\":\"https:\/\/ss20.ee\/en\/\"},{\"@type\":\"ListItem\",\"position\":2,\"name\":\"All Products\",\"item\":\"https:\/\/ss20.ee\/en\/shop\/\"},{\"@type\":\"ListItem\",\"position\":3,\"name\":\"MacBook Pro 13\u2033 2019 \u2013 Core i5\/8GB\/128GB SSD\"}]},{\"@type\":\"WebSite\",\"@id\":\"https:\/\/ss20.ee\/en\/#website\",\"url\":\"https:\/\/ss20.ee\/en\/\",\"name\":\"Spets Service\",\"description\":\"ARVUTITE M\u00dc\u00dcK JA REMONT\",\"publisher\":{\"@id\":\"https:\/\/ss20.ee\/en\/#organization\"},\"potentialAction\":[{\"@type\":\"SearchAction\",\"target\":{\"@type\":\"EntryPoint\",\"urlTemplate\":\"https:\/\/ss20.ee\/en\/?s={search_term_string}\"},\"query-input\":{\"@type\":\"PropertyValueSpecification\",\"valueRequired\":true,\"valueName\":\"search_term_string\"}}],\"inLanguage\":\"en-US\"},{\"@type\":\"Organization\",\"@id\":\"https:\/\/ss20.ee\/en\/#organization\",\"name\":\"Spets Service\",\"alternateName\":\"Spets Service\",\"url\":\"https:\/\/ss20.ee\/en\/\",\"logo\":{\"@type\":\"ImageObject\",\"inLanguage\":\"en-US\",\"@id\":\"https:\/\/ss20.ee\/en\/#\/schema\/logo\/image\/\",\"url\":\"https:\/\/ss20.ee\/wp-content\/uploads\/2024\/11\/Untitled-design-9.png\",\"contentUrl\":\"https:\/\/ss20.ee\/wp-content\/uploads\/2024\/11\/Untitled-design-9.png\",\"width\":1772,\"height\":354,\"caption\":\"Spets Service\"},\"image\":{\"@id\":\"https:\/\/ss20.ee\/en\/#\/schema\/logo\/image\/\"},\"sameAs\":[\"https:\/\/www.facebook.com\/applearvutid\",\"https:\/\/www.instagram.com\/ss20_apple_arvutid\/\"]}]}<\/script>\n<!-- \/ Yoast SEO Premium plugin. -->","yoast_head_json":{"title":"MacBook Pro 13\u2033 2019 \u2013 Core i5\/8GB\/128GB SSD - SPETS SERVICE","description":"MacBook Pro 13\u2033 2019 \u2013 Core i5\/8GB\/128GB SSD \u2013 kvaliteetne ja t\u00f6\u00f6kindel valik. Kontrollitud ja hooldatud. Kiire kohaletoimetamine Tallinnas ja \u00fcle Eesti.","robots":{"index":"index","follow":"follow","max-snippet":"max-snippet:-1","max-image-preview":"max-image-preview:large","max-video-preview":"max-video-preview:-1"},"canonical":"https:\/\/ss20.ee\/en\/shop\/macbook-pro-13-2019-core-i5-8gb-128gb-ssd-kopeeri\/","og_locale":"en_US","og_type":"article","og_title":"MacBook Pro 13\u2033 2019 \u2013 Core i5\/8GB\/128GB SSD","og_description":"MacBook Pro 13\u2033 2019 \u2013 Core i5\/8GB\/128GB SSD \u2013 kvaliteetne ja t\u00f6\u00f6kindel valik. Kontrollitud ja hooldatud. Kiire kohaletoimetamine Tallinnas ja \u00fcle Eesti.","og_url":"https:\/\/ss20.ee\/en\/shop\/macbook-pro-13-2019-core-i5-8gb-128gb-ssd-kopeeri\/","og_site_name":"SPETS SERVICE","article_publisher":"https:\/\/www.facebook.com\/applearvutid","article_modified_time":"2026-04-21T11:28:40+00:00","og_image":[{"width":1512,"height":2016,"url":"https:\/\/ss20.ee\/wp-content\/uploads\/2026\/04\/image1-40.jpeg","type":"image\/jpeg"}],"twitter_card":"summary_large_image","twitter_misc":{"Est. reading time":"1 minute"},"schema":{"@context":"https:\/\/schema.org","@graph":[{"@type":"WebPage","@id":"https:\/\/ss20.ee\/en\/shop\/macbook-pro-13-2019-core-i5-8gb-128gb-ssd-kopeeri\/","url":"https:\/\/ss20.ee\/en\/shop\/macbook-pro-13-2019-core-i5-8gb-128gb-ssd-kopeeri\/","name":"MacBook Pro 13\u2033 2019 \u2013 Core i5\/8GB\/128GB SSD - SPETS SERVICE","isPartOf":{"@id":"https:\/\/ss20.ee\/en\/#website"},"primaryImageOfPage":{"@id":"https:\/\/ss20.ee\/en\/shop\/macbook-pro-13-2019-core-i5-8gb-128gb-ssd-kopeeri\/#primaryimage"},"image":{"@id":"https:\/\/ss20.ee\/en\/shop\/macbook-pro-13-2019-core-i5-8gb-128gb-ssd-kopeeri\/#primaryimage"},"thumbnailUrl":"https:\/\/ss20.ee\/wp-content\/uploads\/2026\/04\/image1-40.jpeg","datePublished":"2026-04-21T11:21:54+00:00","dateModified":"2026-04-21T11:28:40+00:00","description":"MacBook Pro 13\u2033 2019 \u2013 Core i5\/8GB\/128GB SSD \u2013 kvaliteetne ja t\u00f6\u00f6kindel valik. Kontrollitud ja hooldatud. Kiire kohaletoimetamine Tallinnas ja \u00fcle Eesti.","breadcrumb":{"@id":"https:\/\/ss20.ee\/en\/shop\/macbook-pro-13-2019-core-i5-8gb-128gb-ssd-kopeeri\/#breadcrumb"},"inLanguage":"en-US","potentialAction":[{"@type":"ReadAction","target":["https:\/\/ss20.ee\/en\/shop\/macbook-pro-13-2019-core-i5-8gb-128gb-ssd-kopeeri\/"]}]},{"@type":"ImageObject","inLanguage":"en-US","@id":"https:\/\/ss20.ee\/en\/shop\/macbook-pro-13-2019-core-i5-8gb-128gb-ssd-kopeeri\/#primaryimage","url":"https:\/\/ss20.ee\/wp-content\/uploads\/2026\/04\/image1-40.jpeg","contentUrl":"https:\/\/ss20.ee\/wp-content\/uploads\/2026\/04\/image1-40.jpeg","width":1512,"height":2016},{"@type":"BreadcrumbList","@id":"https:\/\/ss20.ee\/en\/shop\/macbook-pro-13-2019-core-i5-8gb-128gb-ssd-kopeeri\/#breadcrumb","itemListElement":[{"@type":"ListItem","position":1,"name":"Home","item":"https:\/\/ss20.ee\/en\/"},{"@type":"ListItem","position":2,"name":"All Products","item":"https:\/\/ss20.ee\/en\/shop\/"},{"@type":"ListItem","position":3,"name":"MacBook Pro 13\u2033 2019 \u2013 Core i5\/8GB\/128GB SSD"}]},{"@type":"WebSite","@id":"https:\/\/ss20.ee\/en\/#website","url":"https:\/\/ss20.ee\/en\/","name":"Spets Service","description":"ARVUTITE M\u00dc\u00dcK JA REMONT","publisher":{"@id":"https:\/\/ss20.ee\/en\/#organization"},"potentialAction":[{"@type":"SearchAction","target":{"@type":"EntryPoint","urlTemplate":"https:\/\/ss20.ee\/en\/?s={search_term_string}"},"query-input":{"@type":"PropertyValueSpecification","valueRequired":true,"valueName":"search_term_string"}}],"inLanguage":"en-US"},{"@type":"Organization","@id":"https:\/\/ss20.ee\/en\/#organization","name":"Spets Service","alternateName":"Spets Service","url":"https:\/\/ss20.ee\/en\/","logo":{"@type":"ImageObject","inLanguage":"en-US","@id":"https:\/\/ss20.ee\/en\/#\/schema\/logo\/image\/","url":"https:\/\/ss20.ee\/wp-content\/uploads\/2024\/11\/Untitled-design-9.png","contentUrl":"https:\/\/ss20.ee\/wp-content\/uploads\/2024\/11\/Untitled-design-9.png","width":1772,"height":354,"caption":"Spets Service"},"image":{"@id":"https:\/\/ss20.ee\/en\/#\/schema\/logo\/image\/"},"sameAs":["https:\/\/www.facebook.com\/applearvutid","https:\/\/www.instagram.com\/ss20_apple_arvutid\/"]}]}},"_links":{"self":[{"href":"https:\/\/ss20.ee\/en\/wp-json\/wp\/v2\/product\/45965","targetHints":{"allow":["GET"]}}],"collection":[{"href":"https:\/\/ss20.ee\/en\/wp-json\/wp\/v2\/product"}],"about":[{"href":"https:\/\/ss20.ee\/en\/wp-json\/wp\/v2\/types\/product"}],"wp:featuredmedia":[{"embeddable":true,"href":"https:\/\/ss20.ee\/en\/wp-json\/wp\/v2\/media\/45968"}],"wp:attachment":[{"href":"https:\/\/ss20.ee\/en\/wp-json\/wp\/v2\/media?parent=45965"}],"wp:term":[{"taxonomy":"product_brand","embeddable":true,"href":"https:\/\/ss20.ee\/en\/wp-json\/wp\/v2\/product_brand?post=45965"},{"taxonomy":"product_cat","embeddable":true,"href":"https:\/\/ss20.ee\/en\/wp-json\/wp\/v2\/product_cat?post=45965"},{"taxonomy":"product_tag","embeddable":true,"href":"https:\/\/ss20.ee\/en\/wp-json\/wp\/v2\/product_tag?post=45965"}],"curies":[{"name":"wp","href":"https:\/\/api.w.org\/{rel}","templated":true}]}}